{"id":1652,"date":"2025-11-21T18:27:21","date_gmt":"2025-11-21T17:27:21","guid":{"rendered":"https:\/\/akcesoriathermomix.pl\/product\/uchwyt-do-pokrywy-naczynia-miksujacego-do-vorwerk-thermomix-tm6-i-tm5\/"},"modified":"2026-08-06T16:26:18","modified_gmt":"2026-08-06T14:26:18","slug":"uchwyt-do-pokrywy-naczynia-miksujacego-do-vorwerk-thermomix-tm6-i-tm5","status":"publish","type":"product","link":"https:\/\/akcesoriathermomix.pl\/cs\/produkt\/uchwyt-do-pokrywy-naczynia-miksujacego-do-vorwerk-thermomix-tm6-i-tm5\/","title":{"rendered":"Dr\u017e\u00e1k v\u00edka mixovac\u00ed n\u00e1doby pro VORWERK Thermomix TM6 a TM5"},"content":{"rendered":"<section class=\"section\">\n<div class=\"item item-6\">\n<section class=\"text-item\">P\u0159edstavujeme nov\u00e9 p\u0159\u00edslu\u0161enstv\u00ed pro<b>\u00a0VORWERK Thermomix<\/b><b>:<\/b><\/p>\n<h1>\u00dachyt v\u00edka mixovac\u00ed n\u00e1doby<\/h1>\n<p>\u00dachyt v\u00edka vypad\u00e1 nen\u00e1padn\u011b, ale zaji\u0161\u0165uje <b>obrovsk\u00e9 usnadn\u011bn\u00ed<\/b> p\u0159i va\u0159en\u00ed. Rukoje\u0165 <b>\u0159e\u0161\u00ed probl\u00e9m s kap\u00e1n\u00edm z v\u00edka<\/b>. D\u00edky n\u011bmu se ingredience st\u00e9kaj\u00ed zp\u011bt do n\u00e1doby.<\/p>\n<ul>\n<li><b>Chytr\u00e9 skladov\u00e1n\u00ed<\/b> kryty mezi jednotliv\u00fdmi f\u00e1zemi p\u0159\u00edpravy.<\/li>\n<li><b>V\u011bt\u0161\u00ed flexibilita<\/b> \u2013 pracovn\u00ed plocha desky z\u016fst\u00e1v\u00e1 voln\u00e1.<\/li>\n<li><b>Bez rozlit\u00ed<\/b> \u2013 tekutiny z v\u00edka st\u00e9kaj\u00ed p\u0159\u00edmo do mixovac\u00ed n\u00e1doby.<\/li>\n<li>Je ide\u00e1ln\u00ed pro <b>k vysu\u0161en\u00ed n\u00e1doby a v\u00edka po umyt\u00ed<\/b>.<\/li>\n<\/ul>\n<p>Nab\u00edz\u00ed <b>ThermoCOOKING<\/b> p\u0159\u00edslu\u0161enstv\u00ed je vyrobeno z <b>\u017e\u00e1ruvzdorn\u00fd materi\u00e1l<\/b>. Materi\u00e1l je <b>vhodn\u00e9 pro styk s potravinami<\/b> - bez z\u00e1pachu a chemicky neutr\u00e1ln\u00ed. P\u0159\u00edslu\u0161enstv\u00ed je odoln\u00e9 a robustn\u00ed, tak\u017ee je mo\u017en\u00e9 je <b>lze m\u00fdt v my\u010dce n\u00e1dob\u00ed<\/b>. Jejich <b>ergonomick\u00fd design<\/b> jsou velmi funk\u010dn\u00ed a snadno se s nimi va\u0159\u00ed <b>Thermomix<\/b>.<\/p>\n<\/section>\n<\/div>\n<div class=\"item item-6\">\n<section class=\"image-item\"><img decoding=\"async\" src=\"https:\/\/upload.cdn.baselinker.com\/products\/4017452\/f62c77135e23bac74ae0e6ed68b95e80.jpg\" \/><\/section>\n<\/div>\n<\/section>\n<section class=\"section\">\n<div class=\"item item-6\">\n<section class=\"image-item\"><img decoding=\"async\" src=\"https:\/\/upload.cdn.baselinker.com\/products\/4017452\/302c8da17d7f8ed3a516d5358e95e846.jpg\" \/><\/section>\n<\/div>\n<div class=\"item item-6\">\n<section class=\"text-item\">\n<ul>\n<li>Rukoje\u0165 je velmi pohodln\u00e1, proto\u017ee <b>nemus\u00edte hledat m\u00edsto pro \u0161pinav\u00fd poklop na kuchy\u0148sk\u00e9 desce<\/b>, a v\u0161e, co z n\u00ed kape, st\u00e9k\u00e1 p\u0159\u00edmo do n\u00e1doby TM.<\/li>\n<li>Po dokon\u010den\u00ed va\u0159en\u00ed a umyt\u00ed n\u00e1doby i v\u00edka je t\u0159eba v\u00edko nasadit na rukoje\u0165 <b>umo\u017e\u0148uje voln\u00e9 vysou\u0161en\u00ed p\u0159\u00edslu\u0161enstv\u00ed <\/b>(mixovac\u00ed n\u00e1doba, v\u00edko, t\u011bsn\u011bn\u00ed).<\/li>\n<li>\u017d\u00e1dn\u00fd nepo\u0159\u00e1dek \u2013 ingredience z\u016fst\u00e1vaj\u00ed b\u011bhem va\u0159en\u00ed na v\u00edku <b>st\u00e9kaj\u00ed p\u0159\u00edmo do n\u00e1doby<\/b> mix\u00e1\u017en\u00edho TM.<\/li>\n<li>D\u00edky \u00fachytu v\u00edko <b>u\u017e nezab\u00edr\u00e1 m\u00edsto na pracovn\u00ed desce<\/b> kuchy\u0148sk\u00fd.<\/li>\n<li>Dr\u017e\u00e1k je velmi <b>intuitivn\u00ed ovl\u00e1d\u00e1n\u00ed<\/b>. Sta\u010d\u00ed do n\u011bj zasunout v\u00ed\u010dko. <b>Po n\u011bkolika pou\u017eit\u00edch si na to zvykne\u0161.<\/b><\/li>\n<li><b>Nevy\u017eaduje pou\u017eit\u00ed n\u00e1\u0159ad\u00ed<\/b> k mont\u00e1\u017ei na za\u0159\u00edzen\u00ed. Lze jej kdykoli sundat, nap\u0159. za \u00fa\u010delem umyt\u00ed krytu.<\/li>\n<li>D\u00edky sv\u00e9mu centr\u00e1ln\u00edmu um\u00edst\u011bn\u00ed rukoje\u0165 nenaru\u0161uje fungov\u00e1n\u00ed v\u00e1hy zabudovan\u00e9 v Thermomixu.<\/li>\n<li><b>NEJNOV\u011aJ\u0160\u00cd VERZE 2023 <\/b>\u2013 je dokonale p\u0159izp\u016fsobena krytu Thermomixu, d\u00edky \u010demu\u017e v\u00edko Thermomixu je <b>je velmi pevn\u011b namontov\u00e1na.<\/b><\/li>\n<li>Dr\u017e\u00e1k je vhodn\u00fd pro modely <b>Thermomix<\/b> <b>TM6 a TM5<\/b><\/li>\n<\/ul>\n<\/section>\n<\/div>\n<\/section>\n<section class=\"section\">\n<div class=\"item item-6\">\n<section class=\"image-item\"><img decoding=\"async\" src=\"https:\/\/upload.cdn.baselinker.com\/products\/4017452\/7f12062ab1910c4e7186840ce4f08217.jpg\" \/><\/section>\n<\/div>\n<div class=\"item item-6\">\n<section class=\"image-item\"><img decoding=\"async\" src=\"https:\/\/upload.cdn.baselinker.com\/products\/4017452\/c8c6526c79f199844778f3c0b615a2cd.jpg\" \/><\/section>\n<\/div>\n<\/section>\n<p>A\u0165 u\u017e sv\u00e9mu kuchy\u0148sk\u00e9mu robotu \u0159\u00edk\u00e1te spr\u00e1vn\u011b, nap\u0159. Vorwerk, Forverk, Thermomix, Thermomiks, nebo jeho n\u00e1zev spr\u00e1vn\u011b vyslovujete, nap\u0159. kuchy\u0148sk\u00fd robot Forwerk, Vorverk, Thermomiks TM, TM31, TM5, TM6, tento v\u00fdrobek byl pro n\u011bj speci\u00e1ln\u011b navr\u017een a dokonale se k n\u011bmu hod\u00ed.<\/p>","protected":false},"excerpt":{"rendered":"<p>Przedstawiamy nowe akcesorium do\u00a0VORWERK Thermomix: Uchwyt pokrywy naczynia miksuj\u0105cego Uchwyt pokrywki wygl\u0105da niepozornie, ale zapewnia ogromne u\u0142atwienie podczas gotowania. Uchwyt rozwi\u0105zuje problem kapania z pokrywy. Dzi\u0119ki niemu sk\u0142adniki sp\u0142ywaj\u0105 z powrotem do naczynia. Sprytne przechowywanie pokrywy mi\u0119dzy etapami przygotowania. Wi\u0119ksza elastyczno\u015b\u0107 \u2013 powierzchnia robocza blatu pozostaje wolna. Bez rozlewania \u2013 p\u0142yny z pokrywy sp\u0142ywaj\u0105 bezpo\u015brednio [&hellip;]<\/p>","protected":false},"featured_media":2351,"comment_status":"open","ping_status":"closed","template":"","meta":[],"product_brand":[40],"product_cat":[65],"product_tag":[],"class_list":["post-1652","product","type-product","status-publish","has-post-thumbnail","product_brand-thermocooking","product_cat-thermomix","first","instock","taxable","shipping-taxable","purchasable","product-type-simple"],"_links":{"self":[{"href":"https:\/\/akcesoriathermomix.pl\/cs\/wp-json\/wp\/v2\/product\/1652","targetHints":{"allow":["GET"]}}],"collection":[{"href":"https:\/\/akcesoriathermomix.pl\/cs\/wp-json\/wp\/v2\/product"}],"about":[{"href":"https:\/\/akcesoriathermomix.pl\/cs\/wp-json\/wp\/v2\/types\/product"}],"replies":[{"embeddable":true,"href":"https:\/\/akcesoriathermomix.pl\/cs\/wp-json\/wp\/v2\/comments?post=1652"}],"version-history":[{"count":1,"href":"https:\/\/akcesoriathermomix.pl\/cs\/wp-json\/wp\/v2\/product\/1652\/revisions"}],"predecessor-version":[{"id":2943,"href":"https:\/\/akcesoriathermomix.pl\/cs\/wp-json\/wp\/v2\/product\/1652\/revisions\/2943"}],"wp:featuredmedia":[{"embeddable":true,"href":"https:\/\/akcesoriathermomix.pl\/cs\/wp-json\/wp\/v2\/media\/2351"}],"wp:attachment":[{"href":"https:\/\/akcesoriathermomix.pl\/cs\/wp-json\/wp\/v2\/media?parent=1652"}],"wp:term":[{"taxonomy":"product_brand","embeddable":true,"href":"https:\/\/akcesoriathermomix.pl\/cs\/wp-json\/wp\/v2\/product_brand?post=1652"},{"taxonomy":"product_cat","embeddable":true,"href":"https:\/\/akcesoriathermomix.pl\/cs\/wp-json\/wp\/v2\/product_cat?post=1652"},{"taxonomy":"product_tag","embeddable":true,"href":"https:\/\/akcesoriathermomix.pl\/cs\/wp-json\/wp\/v2\/product_tag?post=1652"}],"curies":[{"name":"wp","href":"https:\/\/api.w.org\/{rel}","templated":true}]}}